{"id":708,"date":"2021-04-26T04:10:17","date_gmt":"2021-04-26T02:10:17","guid":{"rendered":"https:\/\/www.yaps.fi\/?page_id=708"},"modified":"2021-10-23T22:07:56","modified_gmt":"2021-10-23T20:07:56","slug":"artikkelit","status":"publish","type":"page","link":"https:\/\/www.yaps.fi\/en\/artikkelit\/","title":{"rendered":"Articles"},"content":{"rendered":"<div data-elementor-type=\"wp-page\" data-elementor-id=\"708\" class=\"elementor elementor-708\">\n\t\t\t\t\t\t<section class=\"elementor-section elementor-top-section elementor-element elementor-element-1b4de23 elementor-section-boxed elementor-section-height-default elementor-section-height-default\" data-id=\"1b4de23\" data-element_type=\"section\" data-e-type=\"section\" data-settings=\"{&quot;background_background&quot;:&quot;classic&quot;}\">\n\t\t\t\t\t\t\t<div class=\"elementor-background-overlay\"><\/div>\n\t\t\t\t\t\t\t<div class=\"elementor-container elementor-column-gap-default\">\n\t\t\t\t\t<div class=\"elementor-column elementor-col-100 elementor-top-column elementor-element elementor-element-1a6c198\" data-id=\"1a6c198\" data-element_type=\"column\" data-e-type=\"column\">\n\t\t\t<div class=\"elementor-widget-wrap elementor-element-populated\">\n\t\t\t\t\t\t<div class=\"elementor-element elementor-element-7849773 elementor-widget elementor-widget-heading\" data-id=\"7849773\" data-element_type=\"widget\" data-e-type=\"widget\" data-widget_type=\"heading.default\">\n\t\t\t\t<div class=\"elementor-widget-container\">\n\t\t\t\t\t<h2 class=\"elementor-heading-title elementor-size-default\">Articles<\/h2>\t\t\t\t<\/div>\n\t\t\t\t<\/div>\n\t\t\t\t\t<\/div>\n\t\t<\/div>\n\t\t\t\t\t<\/div>\n\t\t<\/section>\n\t\t\t\t<section class=\"elementor-section elementor-top-section elementor-element elementor-element-5bb93fe3 elementor-section-boxed elementor-section-height-default elementor-section-height-default\" data-id=\"5bb93fe3\" data-element_type=\"section\" data-e-type=\"section\">\n\t\t\t\t\t\t\t<div class=\"elementor-background-overlay\"><\/div>\n\t\t\t\t\t\t\t<div class=\"elementor-container elementor-column-gap-default\">\n\t\t\t\t\t<div class=\"elementor-column elementor-col-100 elementor-top-column elementor-element elementor-element-7f2a8093\" data-id=\"7f2a8093\" data-element_type=\"column\" data-e-type=\"column\">\n\t\t\t<div class=\"elementor-widget-wrap elementor-element-populated\">\n\t\t\t\t\t\t<div class=\"elementor-element elementor-element-36894bf elementor-grid-eael-col-3 elementor-grid-tablet-eael-col-3 elementor-grid-mobile-eael-col-1 elementor-invisible elementor-widget elementor-widget-eael-post-grid\" data-id=\"36894bf\" data-element_type=\"widget\" data-e-type=\"widget\" data-settings=\"{&quot;eael_post_grid_columns&quot;:&quot;eael-col-3&quot;,&quot;_animation&quot;:&quot;zoomIn&quot;,&quot;eael_post_grid_columns_tablet&quot;:&quot;eael-col-3&quot;,&quot;eael_post_grid_columns_mobile&quot;:&quot;eael-col-1&quot;}\" data-widget_type=\"eael-post-grid.default\">\n\t\t\t\t<div class=\"elementor-widget-container\">\n\t\t\t\t\t<div id=\"eael-post-grid-36894bf\" class=\"eael-post-grid-container\">\n            <div class=\"eael-post-grid eael-post-appender eael-post-appender-36894bf eael-post-grid-style-two\" data-layout-mode=\"grid\"><article class=\"eael-grid-post  eael-post-grid-column eael-pg-post-1267 category-tapahtumat tags-antisemitismi-2-elamanmarssi-israel-2-juutalaisuus\" data-id=\"1267\">\n    <div class=\"eael-grid-post-holder\">\n        <div class=\"eael-grid-post-holder-inner\"><div class=\"eael-entry-wrapper\"><header class=\"eael-entry-header\"><h3 class=\"eael-entry-title\"><a class=\"eael-grid-post-link\" href=\"https:\/\/www.yaps.fi\/en\/elaman-marssi-helsingissa-24-5-2026\/\" title=\"El\u00e4m\u00e4n marssi Helsingiss\u00e4 24.5.2026\">El\u00e4m\u00e4n marssi Helsingiss\u00e4 24.5.2026<\/a><\/h3><\/header><div class=\"eael-entry-content\">\n                                <div class=\"eael-grid-post-excerpt\"><p>Juutalaisen el\u00e4m\u00e4n puolesta ja Israel-vihamielisyytt\u00e4 vastaanKokoontuminen klo 14:30 EduskuntatalollaKlo 15 Marssi SenaatintorilleKlo 15:30 Juutalaisen kulttuurin festivaali Senaatintorilla<\/p><\/div>\n                            <\/div><\/div><\/div>\n    <\/div>\n<\/article><article class=\"eael-grid-post  eael-post-grid-column eael-pg-post-1265 category-uncategorized\" data-id=\"1265\">\n    <div class=\"eael-grid-post-holder\">\n        <div class=\"eael-grid-post-holder-inner\"><div class=\"eael-entry-wrapper\"><header class=\"eael-entry-header\"><h3 class=\"eael-entry-title\"><a class=\"eael-grid-post-link\" href=\"https:\/\/www.yaps.fi\/en\/yaps-vieraili-helmikuussa-kfar-azan-kibbutsilla\/\" title=\"YAPS vieraili helmikuussa Kfar Azan kibbutsilla\">YAPS vieraili helmikuussa Kfar Azan kibbutsilla<\/a><\/h3><\/header><div class=\"eael-entry-content\">\n                                <div class=\"eael-grid-post-excerpt\"><p>YAPS-ryhm\u00e4 kiersi helmikuussa 2026 Gazan raja-alueilla 7\/10 hy\u00f6kk\u00e4yksen tapahtumapaikoilla. Monet kibbutsit ovat edelleen j\u00e4lleenrakentamisen alla, ja vain pieni osa asukkaita on p\u00e4\u00e4ssyt palaamaan alueelle. Kfar Aza oli yksi pahimmin Hamasin...<\/p><\/div>\n                            <\/div><\/div><\/div>\n    <\/div>\n<\/article><article class=\"eael-grid-post  eael-post-grid-column eael-pg-post-1246 category-uncategorized\" data-id=\"1246\">\n    <div class=\"eael-grid-post-holder\">\n        <div class=\"eael-grid-post-holder-inner\"><div class=\"eael-entry-wrapper\"><header class=\"eael-entry-header\"><h3 class=\"eael-entry-title\"><a class=\"eael-grid-post-link\" href=\"https:\/\/www.yaps.fi\/en\/lahi-idanvainottujaryhmiatuleetukea\/\" title=\"L\u00e4hi-id\u00e4n vainottuja ryhmi\u00e4 tulee tukea\">L\u00e4hi-id\u00e4n vainottuja ryhmi\u00e4 tulee tukea<\/a><\/h3><\/header><div class=\"eael-entry-content\">\n                                <div class=\"eael-grid-post-excerpt\"><p>Erityisesti Iranin ja Syyrian siviileihin kohdistetun j\u00e4rkytt\u00e4v\u00e4n v\u00e4kivallan edess\u00e4 YAPS ry toivoo Euroopan mailta toimia sorrettujen v\u00e4hemmist\u00f6jen puolustamiseksi ja auttamiseksi. Puheenjohtajan vetoomus toimitettiin Suomen ulkoasiainvaliokunnan j\u00e4senille, presidentin kansliaan sek\u00e4 ulkoministerille...<\/p><\/div>\n                            <\/div><\/div><\/div>\n    <\/div>\n<\/article><article class=\"eael-grid-post  eael-post-grid-column eael-pg-post-1236 category-uncategorized\" data-id=\"1236\">\n    <div class=\"eael-grid-post-holder\">\n        <div class=\"eael-grid-post-holder-inner\"><div class=\"eael-entry-media\"><div class=\"eael-entry-overlay fade-in\"><i class=\"fas fa-long-arrow-alt-right\" aria-hidden=\"true\"><\/i><a href=\"https:\/\/www.yaps.fi\/en\/helsinki-declaration-7-10-2025\/\"><\/a><\/div><div class=\"eael-entry-thumbnail\">\n                            <img fetchpriority=\"high\" decoding=\"async\" width=\"500\" height=\"400\" src=\"https:\/\/www.yaps.fi\/wp-content\/uploads\/2025\/10\/Miekkarijuliste-500x400.jpg\" class=\"attachment-bizberg_gallery size-bizberg_gallery wp-image-1237\" alt=\"\" \/>\n                            <\/div>\n                    <\/div><div class=\"eael-entry-wrapper\"><header class=\"eael-entry-header\"><h3 class=\"eael-entry-title\"><a class=\"eael-grid-post-link\" href=\"https:\/\/www.yaps.fi\/en\/helsinki-declaration-7-10-2025\/\" title=\"\u201dHelsinki Declaration\u201d 7.10.2025\">\u201dHelsinki Declaration\u201d 7.10.2025<\/a><\/h3><\/header><div class=\"eael-entry-content\">\n                                <div class=\"eael-grid-post-excerpt\"><p>Israel-yst\u00e4vyystoimikunnan j\u00e4rjest\u00f6jen yhteinen julistus Olemme kokoontuneet t\u00e4n\u00e4\u00e4n 7.10.2025 ymp\u00e4ri Suomea tukimielenilmauksiin muistamaan tasan kaksi vuotta sitten Israelissa tapahtuneen veril\u00f6ylyn uhreja ja osoittamaan my\u00f6t\u00e4tuntomme heid\u00e4n omaisilleen ja l\u00e4heisilleen. Hamas hy\u00f6kk\u00e4si israelilaisiin...<\/p><\/div>\n                            <\/div><\/div><\/div>\n    <\/div>\n<\/article><article class=\"eael-grid-post  eael-post-grid-column eael-pg-post-1230 category-uncategorized tags-icc-2-israel-2-netanjahu-2-sotarikos\" data-id=\"1230\">\n    <div class=\"eael-grid-post-holder\">\n        <div class=\"eael-grid-post-holder-inner\"><div class=\"eael-entry-wrapper\"><header class=\"eael-entry-header\"><h3 class=\"eael-entry-title\"><a class=\"eael-grid-post-link\" href=\"https:\/\/www.yaps.fi\/en\/avoin-kirje-suomen-ulkopoliittiselle-johdolle-2\/\" title=\"Avoin kirje Suomen ulkopoliittiselle johdolle\">Avoin kirje Suomen ulkopoliittiselle johdolle<\/a><\/h3><\/header><div class=\"eael-entry-content\">\n                                <div class=\"eael-grid-post-excerpt\"><p>3.12.2024 Yhdeks\u00e4n suomalaista kansalaisj\u00e4rjest\u00f6\u00e4 tuomitsee kansainv\u00e4lisen rikostuomioistuimen ICC:n pid\u00e4tysm\u00e4\u00e4r\u00e4ykset Israelin p\u00e4\u00e4ministerist\u00e4 ja entisest\u00e4 puolustusministerist\u00e4 ja vetoaa Suomen poliittiseen johtoon, ett\u00e4 Suomi monen muun maan tavoin ilmoittaa pid\u00e4tt\u00e4ytyv\u00e4ns\u00e4 pid\u00e4tysm\u00e4\u00e4r\u00e4ysten toteuttamisesta ja...<\/p><\/div>\n                            <\/div><\/div><\/div>\n    <\/div>\n<\/article><article class=\"eael-grid-post  eael-post-grid-column eael-pg-post-1227 category-uncategorized tags-icc-israel-kansainvalinen-rikostuomioistuin-netanjahu\" data-id=\"1227\">\n    <div class=\"eael-grid-post-holder\">\n        <div class=\"eael-grid-post-holder-inner\"><div class=\"eael-entry-wrapper\"><header class=\"eael-entry-header\"><h3 class=\"eael-entry-title\"><a class=\"eael-grid-post-link\" href=\"https:\/\/www.yaps.fi\/en\/tuomitsemme-jyrkasti-rikostuomioistuimen-icc-paatoksen-antaa-pidatysmaarays-israelin-paaministeri-benjamin-netanjahusta-ja-entisesta-puolustusministerista-joav-gallantista\/\" title=\"Tuomitsemme jyrk\u00e4sti rikostuomioistuimen (ICC) p\u00e4\u00e4t\u00f6ksen antaa pid\u00e4tysm\u00e4\u00e4r\u00e4ys \u00a0Israelin p\u00e4\u00e4ministeri Benjamin Netanjahusta ja entisest\u00e4 puolustusministerist\u00e4 Joav Gallantista\">Tuomitsemme jyrk\u00e4sti rikostuomioistuimen (ICC) p\u00e4\u00e4t\u00f6ksen antaa pid\u00e4tysm\u00e4\u00e4r\u00e4ys \u00a0Israelin p\u00e4\u00e4ministeri Benjamin Netanjahusta ja entisest\u00e4 puolustusministerist\u00e4 Joav Gallantista<\/a><\/h3><\/header><div class=\"eael-entry-content\">\n                                <div class=\"eael-grid-post-excerpt\"><p>25\/11\/2024 ICC:n p\u00e4\u00e4t\u00f6s luo vaarallisen ennakkotapauksen, joka heikent\u00e4\u00e4 kaikkien demokraattisten ja humanitaarista lakia kunnioittavien valtioden kyky\u00e4 itsepuolustukseen lakeja kunnioittamattomia terroritoimijoita vastaan.Israelin demokraattisesti valittujen johtajien asettaminen samalle viivalle Hamasin rikollisten terrorijohtajien...<\/p><\/div>\n                            <\/div><\/div><\/div>\n    <\/div>\n<\/article><article class=\"eael-grid-post  eael-post-grid-column eael-pg-post-1221 category-uncategorized\" data-id=\"1221\">\n    <div class=\"eael-grid-post-holder\">\n        <div class=\"eael-grid-post-holder-inner\"><div class=\"eael-entry-media\"><div class=\"eael-entry-overlay fade-in\"><i class=\"fas fa-long-arrow-alt-right\" aria-hidden=\"true\"><\/i><a href=\"https:\/\/www.yaps.fi\/en\/ihmisoikeusrintama-hamasin-kilpena\/\"><\/a><\/div><div class=\"eael-entry-thumbnail\">\n                            <img decoding=\"async\" width=\"500\" height=\"400\" src=\"https:\/\/www.yaps.fi\/wp-content\/uploads\/2024\/10\/Ihmisoikeusneuvosto-ja-Israel-1-500x400.png\" class=\"attachment-bizberg_gallery size-bizberg_gallery wp-image-1225\" alt=\"\" \/>\n                            <\/div>\n                    <\/div><div class=\"eael-entry-wrapper\"><header class=\"eael-entry-header\"><h3 class=\"eael-entry-title\"><a class=\"eael-grid-post-link\" href=\"https:\/\/www.yaps.fi\/en\/ihmisoikeusrintama-hamasin-kilpena\/\" title=\"Ihmisoikeusrintama Hamasin kilpen\u00e4\">Ihmisoikeusrintama Hamasin kilpen\u00e4<\/a><\/h3><\/header><div class=\"eael-entry-content\">\n                                <div class=\"eael-grid-post-excerpt\"><p>Luento Tampereen Metso-kirjaston Kuusi-salissa tiistaina 15.10.2024 klo 18Luennoitsijana YAPS:n puheenjohtaja Varpu Haavisto.J\u00e4rjest\u00e4\u00e4 Tampereen Suomi-Israel yhdistys. Tilaisuuteen on vapaa p\u00e4\u00e4sy.<\/p><\/div>\n                            <\/div><\/div><\/div>\n    <\/div>\n<\/article><article class=\"eael-grid-post  eael-post-grid-column eael-pg-post-1213 category-tapahtumat tags-demonstration-finlandagainstterror-israel-2-7-10-2\" data-id=\"1213\">\n    <div class=\"eael-grid-post-holder\">\n        <div class=\"eael-grid-post-holder-inner\"><div class=\"eael-entry-media\"><div class=\"eael-entry-overlay fade-in\"><i class=\"fas fa-long-arrow-alt-right\" aria-hidden=\"true\"><\/i><a href=\"https:\/\/www.yaps.fi\/en\/israelin-rinnalla-terroria-vastaan\/\"><\/a><\/div><div class=\"eael-entry-thumbnail\">\n                            <img decoding=\"async\" width=\"500\" height=\"400\" src=\"https:\/\/www.yaps.fi\/wp-content\/uploads\/2024\/09\/Israelin-rinnalla-terroria-vastaan-7.10.2024-1536x864-1-500x400.jpg\" class=\"attachment-bizberg_gallery size-bizberg_gallery wp-image-1214\" alt=\"\" \/>\n                            <\/div>\n                    <\/div><div class=\"eael-entry-wrapper\"><header class=\"eael-entry-header\"><h3 class=\"eael-entry-title\"><a class=\"eael-grid-post-link\" href=\"https:\/\/www.yaps.fi\/en\/israelin-rinnalla-terroria-vastaan\/\" title=\"Israelin rinnalla &#8211; terroria vastaan\">Israelin rinnalla &#8211; terroria vastaan<\/a><\/h3><\/header><div class=\"eael-entry-content\">\n                                <div class=\"eael-grid-post-excerpt\"><p>-tukimielenilmaukset eri puolilla Suomea 7.10.2024 klo 16-18 v\u00e4lill\u00e4 Terrorij\u00e4rjest\u00f6 Hamasin hy\u00f6kk\u00e4yksest\u00e4 ja sen israelilaisissa rajakyliss\u00e4 toimeenpanemasta joukkomurhasta on 7.10.2024 kulunut tasan vuosi. Israel on edelleen kaikilla rajoillaan Iranin tukemien terrorij\u00e4rjest\u00f6jen...<\/p><\/div>\n                            <\/div><\/div><\/div>\n    <\/div>\n<\/article><article class=\"eael-grid-post  eael-post-grid-column eael-pg-post-1209 category-uncategorized tags-gaza-2-hamas\" data-id=\"1209\">\n    <div class=\"eael-grid-post-holder\">\n        <div class=\"eael-grid-post-holder-inner\"><div class=\"eael-entry-wrapper\"><header class=\"eael-entry-header\"><h3 class=\"eael-entry-title\"><a class=\"eael-grid-post-link\" href=\"https:\/\/www.yaps.fi\/en\/gaza-hamas-israel-2\/\" title=\"Gaza, Hamas &amp; Israel\">Gaza, Hamas &amp; Israel<\/a><\/h3><\/header><div class=\"eael-entry-content\">\n                                <div class=\"eael-grid-post-excerpt\"><p>15.5.2024<\/p><\/div>\n                            <\/div><\/div><\/div>\n    <\/div>\n<\/article><article class=\"eael-grid-post  eael-post-grid-column eael-pg-post-1205 category-uncategorized tags-gaza-2-hamas\" data-id=\"1205\">\n    <div class=\"eael-grid-post-holder\">\n        <div class=\"eael-grid-post-holder-inner\"><div class=\"eael-entry-wrapper\"><header class=\"eael-entry-header\"><h3 class=\"eael-entry-title\"><a class=\"eael-grid-post-link\" href=\"https:\/\/www.yaps.fi\/en\/gaza-hamas-israel\/\" title=\"Gaza, Hamas &amp; Israel\">Gaza, Hamas &amp; Israel<\/a><\/h3><\/header><div class=\"eael-entry-content\">\n                                <div class=\"eael-grid-post-excerpt\"><p>Hamasin hy\u00f6kk\u00e4ys 7. lokakuuta 7. lokakuuta 2023 yli 3 000 terroristia tunkeutui Gazasta Israeliin Hamasin Nukhba-joukkojen johdolla. Israeliin ammuttiin 20 minuutin aikana yli 2200 rakettia, ja samalla osa terroristeista murtautui...<\/p><\/div>\n                            <\/div><\/div><\/div>\n    <\/div>\n<\/article><article class=\"eael-grid-post  eael-post-grid-column eael-pg-post-1192 category-uncategorized\" data-id=\"1192\">\n    <div class=\"eael-grid-post-holder\">\n        <div class=\"eael-grid-post-holder-inner\"><div class=\"eael-entry-wrapper\"><header class=\"eael-entry-header\"><h3 class=\"eael-entry-title\"><a class=\"eael-grid-post-link\" href=\"https:\/\/www.yaps.fi\/en\/elaman-marssi-sunnuntaina-5-5-2024-kerasi-satoja-ihmisia-marssimaan-antisemitismin-nousua-vastaan-ja-israelin-puolesta\/\" title=\"El\u00e4m\u00e4n marssi sunnuntaina 5.5.2024 ker\u00e4si satoja ihmisi\u00e4 marssimaan antisemitismin nousua vastaan ja Israelin puolesta\">El\u00e4m\u00e4n marssi sunnuntaina 5.5.2024 ker\u00e4si satoja ihmisi\u00e4 marssimaan antisemitismin nousua vastaan ja Israelin puolesta<\/a><\/h3><\/header><div class=\"eael-entry-content\">\n                                <div class=\"eael-grid-post-excerpt\"><p><\/p><\/div>\n                            <\/div><\/div><\/div>\n    <\/div>\n<\/article><article class=\"eael-grid-post  eael-post-grid-column eael-pg-post-1142 category-uncategorized tags-gazan-sota-hamas-2-israel-palestiinalaisry-siirtokunnat-siirtokuntalaisvakivalta\" data-id=\"1142\">\n    <div class=\"eael-grid-post-holder\">\n        <div class=\"eael-grid-post-holder-inner\"><div class=\"eael-entry-media\"><div class=\"eael-entry-overlay fade-in\"><i class=\"fas fa-long-arrow-alt-right\" aria-hidden=\"true\"><\/i><a href=\"https:\/\/www.yaps.fi\/en\/onko-siirtokuntalaisvakivalta-todellinen-ilmio\/\"><\/a><\/div><div class=\"eael-entry-thumbnail\">\n                            <img loading=\"lazy\" decoding=\"async\" width=\"500\" height=\"400\" src=\"https:\/\/www.yaps.fi\/wp-content\/uploads\/2024\/01\/Screenshot-2024-01-12-113328-500x400.png\" class=\"attachment-bizberg_gallery size-bizberg_gallery wp-image-1143\" alt=\"\" \/>\n                            <\/div>\n                    <\/div><div class=\"eael-entry-wrapper\"><header class=\"eael-entry-header\"><h3 class=\"eael-entry-title\"><a class=\"eael-grid-post-link\" href=\"https:\/\/www.yaps.fi\/en\/onko-siirtokuntalaisvakivalta-todellinen-ilmio\/\" title=\"Onko siirtokuntalaisv\u00e4kivalta todellinen ilmi\u00f6?\">Onko siirtokuntalaisv\u00e4kivalta todellinen ilmi\u00f6?<\/a><\/h3><\/header><div class=\"eael-entry-content\">\n                                <div class=\"eael-grid-post-excerpt\"><p>YAPS-haastattelussa (27.11.2023) Regavim-j\u00e4rjest\u00f6n kansainv\u00e4lisen jaoston johtaja Naomi Kahn vastaa kysymyksiin panttivankien vaihtamisesta palestiinalaisvankeihin; L\u00e4nsirannan &#8221;maltillisiksi&#8221; mielletyn palestiinalaishallinon reaktioista Hamasin lokakuun 7. p\u00e4iv\u00e4n hy\u00f6kk\u00e4ykseen, L\u00e4nsirannan\/Juudea-Samarian tapahtumista, siirtokuntalaisv\u00e4kivallasta, pysyv\u00e4n tulitauon vaatimuksesta Gazaan...<\/p><\/div>\n                            <\/div><\/div><\/div>\n    <\/div>\n<\/article><article class=\"eael-grid-post  eael-post-grid-column eael-pg-post-1145 category-uncategorized tags-gaza-hamas-2-israel-suomen-ulkoministerio\" data-id=\"1145\">\n    <div class=\"eael-grid-post-holder\">\n        <div class=\"eael-grid-post-holder-inner\"><div class=\"eael-entry-wrapper\"><header class=\"eael-entry-header\"><h3 class=\"eael-entry-title\"><a class=\"eael-grid-post-link\" href=\"https:\/\/www.yaps.fi\/en\/avoin-kirje-ulkoministeri-elina-valtoselle-koskien-ulkoministerion-virkamiesten-toimintaa\/\" title=\"Avoin kirje ulkoministeri Elina Valtoselle koskien ulkoministeri\u00f6n virkamiesten toimintaa\">Avoin kirje ulkoministeri Elina Valtoselle koskien ulkoministeri\u00f6n virkamiesten toimintaa<\/a><\/h3><\/header><div class=\"eael-entry-content\">\n                                <div class=\"eael-grid-post-excerpt\"><p>12.1.2024 Arvoisa ulkoministeri Elina Valtonen! Uutisiin on noussut er\u00e4iden ulkoministeri\u00f6n nuorempien virkamiesten Teille osoittama Suomen L\u00e4hi-id\u00e4n politiikkaa arvosteleva kirje. Haluamme ilmaista tukemme Suomen pid\u00e4tt\u00e4ytymiselle tulitaukovaatimuksista tilanteessa, jossa pysyv\u00e4 tulitauko ainoastaan...<\/p><\/div>\n                            <\/div><\/div><\/div>\n    <\/div>\n<\/article><article class=\"eael-grid-post  eael-post-grid-column eael-pg-post-1136 category-uncategorized tags-gazan-sota-ihmisoikeudet-israel-kansanmurha-palestinians\" data-id=\"1136\">\n    <div class=\"eael-grid-post-holder\">\n        <div class=\"eael-grid-post-holder-inner\"><div class=\"eael-entry-media\"><div class=\"eael-entry-overlay fade-in\"><i class=\"fas fa-long-arrow-alt-right\" aria-hidden=\"true\"><\/i><a href=\"https:\/\/www.yaps.fi\/en\/rikkooko-israel-kansainvalista-humanitaarista-lakia-sodassa-hamasia-vastaan\/\"><\/a><\/div><div class=\"eael-entry-thumbnail\">\n                            <img loading=\"lazy\" decoding=\"async\" width=\"500\" height=\"400\" src=\"https:\/\/www.yaps.fi\/wp-content\/uploads\/2024\/01\/Screenshot-2024-01-12-112217-500x400.png\" class=\"attachment-bizberg_gallery size-bizberg_gallery wp-image-1140\" alt=\"\" \/>\n                            <\/div>\n                    <\/div><div class=\"eael-entry-wrapper\"><header class=\"eael-entry-header\"><h3 class=\"eael-entry-title\"><a class=\"eael-grid-post-link\" href=\"https:\/\/www.yaps.fi\/en\/rikkooko-israel-kansainvalista-humanitaarista-lakia-sodassa-hamasia-vastaan\/\" title=\"Rikkooko Israel kansainv\u00e4list\u00e4 humanitaarista lakia sodassa Hamasia vastaan?\">Rikkooko Israel kansainv\u00e4list\u00e4 humanitaarista lakia sodassa Hamasia vastaan?<\/a><\/h3><\/header><div class=\"eael-entry-content\">\n                                <div class=\"eael-grid-post-excerpt\"><p>YAPS-haastattelu (19.11.2023) keskustelu Israelin armeijan ev.luutn. ja lainopillisen neuvonantajan Maurice Hirschin kanssa k\u00e4sittelee kansainv\u00e4list\u00e4 humanitaarista lakia ja Israelin toimintaa Gazassa. Hirsch kommentoi Suomen ev.lut, kirkon arkkipiispan, Espoon piispan ja KUA:n...<\/p><\/div>\n                            <\/div><\/div><\/div>\n    <\/div>\n<\/article><article class=\"eael-grid-post  eael-post-grid-column eael-pg-post-1133 category-uncategorized\" data-id=\"1133\">\n    <div class=\"eael-grid-post-holder\">\n        <div class=\"eael-grid-post-holder-inner\"><div class=\"eael-entry-wrapper\"><header class=\"eael-entry-header\"><h3 class=\"eael-entry-title\"><a class=\"eael-grid-post-link\" href=\"https:\/\/www.yaps.fi\/en\/avoin-kirje-suomen-ulkopoliittiselle-johdolle-gazan-tilanteesta\/\" title=\"Avoin kirje Suomen ulkopoliittiselle johdolle Gazan tilanteesta\">Avoin kirje Suomen ulkopoliittiselle johdolle Gazan tilanteesta<\/a><\/h3><\/header><div class=\"eael-entry-content\">\n                                <div class=\"eael-grid-post-excerpt\"><p>29.11.2023<\/p><\/div>\n                            <\/div><\/div><\/div>\n    <\/div>\n<\/article><article class=\"eael-grid-post  eael-post-grid-column eael-pg-post-1116 category-uncategorized tags-gaza-2-hamas-humanitaarinen-apu-israel-2\" data-id=\"1116\">\n    <div class=\"eael-grid-post-holder\">\n        <div class=\"eael-grid-post-holder-inner\"><div class=\"eael-entry-wrapper\"><header class=\"eael-entry-header\"><h3 class=\"eael-entry-title\"><a class=\"eael-grid-post-link\" href=\"https:\/\/www.yaps.fi\/en\/mita-vikaa-on-valittoman-tulitauon-vaatimisessa-gazaan\/\" title=\"Mit\u00e4 vikaa on v\u00e4litt\u00f6m\u00e4n tulitauon vaatimisessa Gazaan?\">Mit\u00e4 vikaa on v\u00e4litt\u00f6m\u00e4n tulitauon vaatimisessa Gazaan?<\/a><\/h3><\/header><div class=\"eael-entry-content\">\n                                <div class=\"eael-grid-post-excerpt\"><p>2.11.2023 YK:n yleiskokous hyv\u00e4ksyi 28.10. p\u00e4\u00e4t\u00f6slauselman, jossa vaadittiin v\u00e4lit\u00f6nt\u00e4 tulitaukoa Gazaan. 120 valtiota \u00e4\u00e4nesti p\u00e4\u00e4t\u00f6slauselman puolesta, 14 \u00e4\u00e4nesti vastaan ja 45 valtiota \u00e4\u00e4nesti tyhj\u00e4\u00e4, niiden joukossa Suomi. Ulkoministeri Elina Valtonen...<\/p><\/div>\n                            <\/div><\/div><\/div>\n    <\/div>\n<\/article><article class=\"eael-grid-post  eael-post-grid-column eael-pg-post-1108 category-uncategorized\" data-id=\"1108\">\n    <div class=\"eael-grid-post-holder\">\n        <div class=\"eael-grid-post-holder-inner\"><div class=\"eael-entry-wrapper\"><header class=\"eael-entry-header\"><h3 class=\"eael-entry-title\"><a class=\"eael-grid-post-link\" href=\"https:\/\/www.yaps.fi\/en\/yaps-ryn-vetoomus-solidaarisuuden-ja-myotatunnon-osoittamiseksi-israelin-valtiolle-ja-sen-kansalaisille-terroristijarjesto-hamasin-7-10-2023-aloittaman-hyokkayksen-johdosta\/\" title=\"YAPS ry:n vetoomus solidaarisuuden ja my\u00f6t\u00e4tunnon osoittamiseksi Israelin valtiolle ja sen kansalaisille terroristij\u00e4rjest\u00f6 Hamasin 7.10.2023 aloittaman hy\u00f6kk\u00e4yksen johdosta\">YAPS ry:n vetoomus solidaarisuuden ja my\u00f6t\u00e4tunnon osoittamiseksi Israelin valtiolle ja sen kansalaisille terroristij\u00e4rjest\u00f6 Hamasin 7.10.2023 aloittaman hy\u00f6kk\u00e4yksen johdosta<\/a><\/h3><\/header><div class=\"eael-entry-content\">\n                                <div class=\"eael-grid-post-excerpt\"><p>16.10.2023 Monet Euroopan maat ja Yhdysvallat reagoivat nopeasti terroristij\u00e4rjest\u00f6 Hamasin 7.10.2023 aloittamaan hy\u00f6kk\u00e4ykseen Israelin valtiota ja sen kansalaisia kohtaan solidaarisuutta ja my\u00f6t\u00e4tuntoa osoittaen. N\u00e4ytt\u00e4v\u00e4 valaistus on ollut mm. Pariisin Eiffel-tornissa,...<\/p><\/div>\n                            <\/div><\/div><\/div>\n    <\/div>\n<\/article><article class=\"eael-grid-post  eael-post-grid-column eael-pg-post-1085 category-uncategorized tags-antisemitism-durban-i-durban-iv-israel-racism-un-wcar\" data-id=\"1085\">\n    <div class=\"eael-grid-post-holder\">\n        <div class=\"eael-grid-post-holder-inner\"><div class=\"eael-entry-media\"><div class=\"eael-entry-overlay fade-in\"><i class=\"fas fa-long-arrow-alt-right\" aria-hidden=\"true\"><\/i><a href=\"https:\/\/www.yaps.fi\/en\/mita-tapahtui-ykn-antirasistisessa-maailmankonferenssissa-durbanissa-2001\/\"><\/a><\/div><div class=\"eael-entry-thumbnail\">\n                            <img loading=\"lazy\" decoding=\"async\" width=\"500\" height=\"400\" src=\"https:\/\/www.yaps.fi\/wp-content\/uploads\/2023\/06\/Nayttokuva-2023-6-3-kello-12.40.51-500x400.png\" class=\"attachment-bizberg_gallery size-bizberg_gallery wp-image-1092\" alt=\"\" \/>\n                            <\/div>\n                    <\/div><div class=\"eael-entry-wrapper\"><header class=\"eael-entry-header\"><h3 class=\"eael-entry-title\"><a class=\"eael-grid-post-link\" href=\"https:\/\/www.yaps.fi\/en\/mita-tapahtui-ykn-antirasistisessa-maailmankonferenssissa-durbanissa-2001\/\" title=\"Mit\u00e4 tapahtui YK:n antirasistisessa maailmankonferenssissa Durbanissa 2001?\">Mit\u00e4 tapahtui YK:n antirasistisessa maailmankonferenssissa Durbanissa 2001?<\/a><\/h3><\/header><div class=\"eael-entry-content\">\n                                <div class=\"eael-grid-post-excerpt\"><p>Kahden naisen kokemus YK:n rasismin, muukalaispelon ja kaiken rasistisen syrjinn\u00e4n vastaisesta konferenssista Durbanista vuonna 2001. Konferenssi muuttui pahimmaksi antisemitismin esiinmarssiksi sitten Holokaustin. Konferenssi toimi my\u00f6s alkusys\u00e4yksen\u00e4 kansalaisj\u00e4rjest\u00f6jen Israel-vastaisen rintaman synnylle....<\/p><\/div>\n                            <\/div><\/div><\/div>\n    <\/div>\n<\/article><article class=\"eael-grid-post  eael-post-grid-column eael-pg-post-1081 category-uncategorized-yleinen-fi tags-israel-kansalaisjarjestot-ngo\" data-id=\"1081\">\n    <div class=\"eael-grid-post-holder\">\n        <div class=\"eael-grid-post-holder-inner\"><div class=\"eael-entry-media\"><div class=\"eael-entry-overlay fade-in\"><i class=\"fas fa-long-arrow-alt-right\" aria-hidden=\"true\"><\/i><a href=\"https:\/\/www.yaps.fi\/en\/israel-under-ngo-attack\/\"><\/a><\/div><div class=\"eael-entry-thumbnail\">\n                            <img loading=\"lazy\" decoding=\"async\" width=\"427\" height=\"400\" src=\"https:\/\/www.yaps.fi\/wp-content\/uploads\/2023\/06\/Nayttokuva-2023-6-1-kello-12.47.05-427x400.png\" class=\"attachment-bizberg_gallery size-bizberg_gallery wp-image-1083\" alt=\"\" \/>\n                            <\/div>\n                    <\/div><div class=\"eael-entry-wrapper\"><header class=\"eael-entry-header\"><h3 class=\"eael-entry-title\"><a class=\"eael-grid-post-link\" href=\"https:\/\/www.yaps.fi\/en\/israel-under-ngo-attack\/\" title=\"ISRAEL UNDER NGO ATTACK\">ISRAEL UNDER NGO ATTACK<\/a><\/h3><\/header><div class=\"eael-entry-content\">\n                                <div class=\"eael-grid-post-excerpt\"><p>Israel-under-NGO-attack-1Lataa<\/p><\/div>\n                            <\/div><\/div><\/div>\n    <\/div>\n<\/article><article class=\"eael-grid-post  eael-post-grid-column eael-pg-post-1063 category-uncategorized\" data-id=\"1063\">\n    <div class=\"eael-grid-post-holder\">\n        <div class=\"eael-grid-post-holder-inner\"><div class=\"eael-entry-media\"><div class=\"eael-entry-overlay fade-in\"><i class=\"fas fa-long-arrow-alt-right\" aria-hidden=\"true\"><\/i><a href=\"https:\/\/www.yaps.fi\/en\/raportti-eurooppalaista-rahaa-virtaa-palestiinalaisille-kansalaisjarjestoille-joilla-on-kiistattomat-yhteydet-terrorijarjestoon\/\"><\/a><\/div><div class=\"eael-entry-thumbnail\">\n                            <img loading=\"lazy\" decoding=\"async\" width=\"500\" height=\"400\" src=\"https:\/\/www.yaps.fi\/wp-content\/uploads\/2023\/02\/Na\u0308ytto\u0308kuva-2023-2-21-kello-11.05.05-500x400.png\" class=\"attachment-bizberg_gallery size-bizberg_gallery wp-image-1064\" alt=\"\" \/>\n                            <\/div>\n                    <\/div><div class=\"eael-entry-wrapper\"><header class=\"eael-entry-header\"><h3 class=\"eael-entry-title\"><a class=\"eael-grid-post-link\" href=\"https:\/\/www.yaps.fi\/en\/raportti-eurooppalaista-rahaa-virtaa-palestiinalaisille-kansalaisjarjestoille-joilla-on-kiistattomat-yhteydet-terrorijarjestoon\/\" title=\"Raportti: Eurooppalaista rahaa virtaa palestiinalaisille kansalaisj\u00e4rjest\u00f6ille, joilla on kiistattomat yhteydet terrorij\u00e4rjest\u00f6\u00f6n\">Raportti: Eurooppalaista rahaa virtaa palestiinalaisille kansalaisj\u00e4rjest\u00f6ille, joilla on kiistattomat yhteydet terrorij\u00e4rjest\u00f6\u00f6n<\/a><\/h3><\/header><div class=\"eael-entry-content\">\n                                <div class=\"eael-grid-post-excerpt\"><p>NGO Monitorin 1. helmikuuta 2023 julkaisema raportti osoittaa kiist\u00e4m\u00e4tt\u00f6m\u00e4t todisteet palestiinalaisten kansalaisj\u00e4rjest\u00f6jen ja terrorj\u00e4rjest\u00f6 PFLP:n v\u00e4lisist\u00e4 siteist\u00e4 Kansalaisj\u00e4rjest\u00f6jen toimintaa tarkkailevan NGO Monitor -tutkimuslaitoksen helmikuun alussa julkaisema&nbsp;raportti&nbsp;osoittaa kiist\u00e4m\u00e4tt\u00f6m\u00e4sti seitsem\u00e4n palestiinalaisen kansalaisj\u00e4rjest\u00f6n...<\/p><\/div>\n                            <\/div><\/div><\/div>\n    <\/div>\n<\/article><article class=\"eael-grid-post  eael-post-grid-column eael-pg-post-1057 category-uncategorized\" data-id=\"1057\">\n    <div class=\"eael-grid-post-holder\">\n        <div class=\"eael-grid-post-holder-inner\"><div class=\"eael-entry-media\"><div class=\"eael-entry-overlay fade-in\"><i class=\"fas fa-long-arrow-alt-right\" aria-hidden=\"true\"><\/i><a href=\"https:\/\/www.yaps.fi\/en\/israel-lahi-idan-ainoa-demokratia-2\/\"><\/a><\/div><div class=\"eael-entry-thumbnail\">\n                            <img loading=\"lazy\" decoding=\"async\" width=\"500\" height=\"400\" src=\"https:\/\/www.yaps.fi\/wp-content\/uploads\/2023\/02\/Na\u0308ytto\u0308kuva-2023-2-13-kello-16.31.19-500x400.png\" class=\"attachment-bizberg_gallery size-bizberg_gallery wp-image-1055\" alt=\"\" \/>\n                            <\/div>\n                    <\/div><div class=\"eael-entry-wrapper\"><header class=\"eael-entry-header\"><h3 class=\"eael-entry-title\"><a class=\"eael-grid-post-link\" href=\"https:\/\/www.yaps.fi\/en\/israel-lahi-idan-ainoa-demokratia-2\/\" title=\"Israel &#8211; L\u00e4hi-id\u00e4n ainoa demokratia\">Israel &#8211; L\u00e4hi-id\u00e4n ainoa demokratia<\/a><\/h3><\/header><div class=\"eael-entry-content\">\n                                <div class=\"eael-grid-post-excerpt\"><p>Kuuntele vihkonen luettuna<\/p><\/div>\n                            <\/div><\/div><\/div>\n    <\/div>\n<\/article><article class=\"eael-grid-post  eael-post-grid-column eael-pg-post-1014 category-uncategorized tags-amnesty-international-antirasismi-ihmisoikeudet-israel-apartheid-kansalaisjarjestot\" data-id=\"1014\">\n    <div class=\"eael-grid-post-holder\">\n        <div class=\"eael-grid-post-holder-inner\"><div class=\"eael-entry-media\"><div class=\"eael-entry-overlay fade-in\"><i class=\"fas fa-long-arrow-alt-right\" aria-hidden=\"true\"><\/i><a href=\"https:\/\/www.yaps.fi\/en\/esimerkkeja-ongelmista-amnesty-internationalin-helmikuussa-2022-julkaisemassa-raportissa\/\"><\/a><\/div><div class=\"eael-entry-thumbnail\">\n                            <img loading=\"lazy\" decoding=\"async\" width=\"500\" height=\"400\" src=\"https:\/\/www.yaps.fi\/wp-content\/uploads\/2022\/11\/AMNESTY-500x400.jpg\" class=\"attachment-bizberg_gallery size-bizberg_gallery wp-image-1047\" alt=\"\" srcset=\"https:\/\/www.yaps.fi\/wp-content\/uploads\/2022\/11\/AMNESTY-500x400.jpg 500w, https:\/\/www.yaps.fi\/wp-content\/uploads\/2022\/11\/AMNESTY-14x12.jpg 14w\" sizes=\"(max-width: 500px) 100vw, 500px\" \/>\n                            <\/div>\n                    <\/div><div class=\"eael-entry-wrapper\"><header class=\"eael-entry-header\"><h3 class=\"eael-entry-title\"><a class=\"eael-grid-post-link\" href=\"https:\/\/www.yaps.fi\/en\/esimerkkeja-ongelmista-amnesty-internationalin-helmikuussa-2022-julkaisemassa-raportissa\/\" title=\"Esimerkkej\u00e4 ongelmista Amnesty Internationalin helmikuussa 2022 julkaisemassa raportissa\">Esimerkkej\u00e4 ongelmista Amnesty Internationalin helmikuussa 2022 julkaisemassa raportissa<\/a><\/h3><\/header><div class=\"eael-entry-content\">\n                                <div class=\"eael-grid-post-excerpt\"><p>Israel&#8217;s Apartheid &#8211; Cruel System of Domination and Crime Against Humanity 9.11.2022 Palestiinalaisten terroritekojen v\u00e4h\u00e4tteleminen ja itsemurhaiskujen h\u00e4ivytt\u00e4minen kuvasta Amnestyn raportti luo kuvaa, ett\u00e4 Israelin toiminta ei ole seurausta aseellisesta...<\/p><\/div>\n                            <\/div><\/div><\/div>\n    <\/div>\n<\/article><article class=\"eael-grid-post  eael-post-grid-column eael-pg-post-1009 category-uncategorized tags-amnesty-international-antisemitismi-avoin-kirje-bds-boikotti-ihmisoikeudet-israel-apartheid-kansalaisjarjestot-kiasma-kiasman-tukisaatio-palestiinalaiset-vetoomus-zabludowicz\" data-id=\"1009\">\n    <div class=\"eael-grid-post-holder\">\n        <div class=\"eael-grid-post-holder-inner\"><div class=\"eael-entry-media\"><div class=\"eael-entry-overlay fade-in\"><i class=\"fas fa-long-arrow-alt-right\" aria-hidden=\"true\"><\/i><a href=\"https:\/\/www.yaps.fi\/en\/avoin-kirje-kiasman-tukisaation-hallitukselle\/\"><\/a><\/div><div class=\"eael-entry-thumbnail\">\n                            <img loading=\"lazy\" decoding=\"async\" width=\"500\" height=\"400\" src=\"https:\/\/www.yaps.fi\/wp-content\/uploads\/2022\/11\/Artikkelikuva-500x400.jpg\" class=\"attachment-bizberg_gallery size-bizberg_gallery wp-image-1041\" alt=\"\" \/>\n                            <\/div>\n                    <\/div><div class=\"eael-entry-wrapper\"><header class=\"eael-entry-header\"><h3 class=\"eael-entry-title\"><a class=\"eael-grid-post-link\" href=\"https:\/\/www.yaps.fi\/en\/avoin-kirje-kiasman-tukisaation-hallitukselle\/\" title=\"Avoin kirje Kiasman tukis\u00e4\u00e4ti\u00f6n hallitukselle\">Avoin kirje Kiasman tukis\u00e4\u00e4ti\u00f6n hallitukselle<\/a><\/h3><\/header><div class=\"eael-entry-content\">\n                                <div class=\"eael-grid-post-excerpt\"><p>9.11.2022 Kaksi kuvataiteilijaa vaatii Chaim Zabludowiczin poistamista Kiasman tukis\u00e4\u00e4ti\u00f6n hallituksesta. Vaateen ensisijainen peruste on, ett\u00e4 Israel harjoittaa niin pahaa politiikkaa, ett\u00e4 jopa siihen linkittyvi\u00e4 yksityishenkil\u00f6it\u00e4 tulisi boikotoida. Kuvataiteilijat tuovat tuomittavana...<\/p><\/div>\n                            <\/div><\/div><\/div>\n    <\/div>\n<\/article><article class=\"eael-grid-post  eael-post-grid-column eael-pg-post-985 category-uncategorized tags-infografiikka-palestiinalaisten-menettamat-alueet-israel-maanomistus-palestiinalaiset-palestinian-loss-of-land-ylioppilaskirjoitukset-syksy-2019\" data-id=\"985\">\n    <div class=\"eael-grid-post-holder\">\n        <div class=\"eael-grid-post-holder-inner\"><div class=\"eael-entry-media\"><div class=\"eael-entry-overlay fade-in\"><i class=\"fas fa-long-arrow-alt-right\" aria-hidden=\"true\"><\/i><a href=\"https:\/\/www.yaps.fi\/en\/valheellinen-karttasarja-leviaa-netissa\/\"><\/a><\/div><div class=\"eael-entry-thumbnail\">\n                            <img loading=\"lazy\" decoding=\"async\" width=\"500\" height=\"400\" src=\"https:\/\/www.yaps.fi\/wp-content\/uploads\/2022\/05\/Na\u0308ytto\u0308kuva-2022-5-26-kello-18.43.24-500x400.png\" class=\"attachment-bizberg_gallery size-bizberg_gallery wp-image-986\" alt=\"\" \/>\n                            <\/div>\n                    <\/div><div class=\"eael-entry-wrapper\"><header class=\"eael-entry-header\"><h3 class=\"eael-entry-title\"><a class=\"eael-grid-post-link\" href=\"https:\/\/www.yaps.fi\/en\/valheellinen-karttasarja-leviaa-netissa\/\" title=\"Valheellinen karttasarja levi\u00e4\u00e4 netiss\u00e4\">Valheellinen karttasarja levi\u00e4\u00e4 netiss\u00e4<\/a><\/h3><\/header><div class=\"eael-entry-content\">\n                                <div class=\"eael-grid-post-excerpt\"><p>26.5.2022 T\u00e4t\u00e4 valheellista infografiikkaa k\u00e4ytettiin mm. suomalaisissa ylioppilaiskirjoituksissa aineistona syksyll\u00e4 2019. Infografiikan vihre\u00e4n v\u00e4rin merkitys vaihtuu jokaisessa kuvassa. Vain viimeisess\u00e4 se kuvaa palestiinalaisarabien hallinnossa olevia alueita. KARTTASARJAN v\u00e4itet\u00e4\u00e4n kuvaavan palestiinalaisarabien...<\/p><\/div>\n                            <\/div><\/div><\/div>\n    <\/div>\n<\/article><article class=\"eael-grid-post  eael-post-grid-column eael-pg-post-975 category-uncategorized tags-amnesty-amnesty-international-apartheid-human-rights-israel-israel-apartheid-middle-east-palestinians\" data-id=\"975\">\n    <div class=\"eael-grid-post-holder\">\n        <div class=\"eael-grid-post-holder-inner\"><div class=\"eael-entry-media\"><div class=\"eael-entry-overlay fade-in\"><i class=\"fas fa-long-arrow-alt-right\" aria-hidden=\"true\"><\/i><a href=\"https:\/\/www.yaps.fi\/en\/apartheid-valhe-ihmisoikeusjarjestot-hukassa-lahi-idassa-apartheid-lie-human-rights-ngos-lost-in-the-middle-east\/\"><\/a><\/div><div class=\"eael-entry-thumbnail\">\n                            <img loading=\"lazy\" decoding=\"async\" width=\"500\" height=\"400\" src=\"https:\/\/www.yaps.fi\/wp-content\/uploads\/2022\/05\/Apartheid-webinaarin-mainos-500x400.png\" class=\"attachment-bizberg_gallery size-bizberg_gallery wp-image-977\" alt=\"\" srcset=\"https:\/\/www.yaps.fi\/wp-content\/uploads\/2022\/05\/Apartheid-webinaarin-mainos-500x400.png 500w, https:\/\/www.yaps.fi\/wp-content\/uploads\/2022\/05\/Apartheid-webinaarin-mainos-14x12.png 14w\" sizes=\"(max-width: 500px) 100vw, 500px\" \/>\n                            <\/div>\n                    <\/div><div class=\"eael-entry-wrapper\"><header class=\"eael-entry-header\"><h3 class=\"eael-entry-title\"><a class=\"eael-grid-post-link\" href=\"https:\/\/www.yaps.fi\/en\/apartheid-valhe-ihmisoikeusjarjestot-hukassa-lahi-idassa-apartheid-lie-human-rights-ngos-lost-in-the-middle-east\/\" title=\"Apartheid-valhe &#8211; ihmisoikeusj\u00e4rjest\u00f6t hukassa L\u00e4hi-id\u00e4ss\u00e4 Apartheid Lie\/Human Rights NGOs Lost in the Middle East\">Apartheid-valhe &#8211; ihmisoikeusj\u00e4rjest\u00f6t hukassa L\u00e4hi-id\u00e4ss\u00e4 Apartheid Lie\/Human Rights NGOs Lost in the Middle East<\/a><\/h3><\/header><div class=\"eael-entry-content\">\n                                <div class=\"eael-grid-post-excerpt\"><p>Helmikuussa 2022 Amnesty International julkaisi raportin, jossa se syytt\u00e4\u00e4 Israelia apartheid-valtioksi. Ohjelmassa keskustellaan israelilaisten asiantuntijoiden kanssa Amnestyn raportin v\u00e4itteist\u00e4.<\/p><\/div>\n                            <\/div><\/div><\/div>\n    <\/div>\n<\/article><article class=\"eael-grid-post  eael-post-grid-column eael-pg-post-963 category-uncategorized\" data-id=\"963\">\n    <div class=\"eael-grid-post-holder\">\n        <div class=\"eael-grid-post-holder-inner\"><div class=\"eael-entry-wrapper\"><header class=\"eael-entry-header\"><h3 class=\"eael-entry-title\"><a class=\"eael-grid-post-link\" href=\"https:\/\/www.yaps.fi\/en\/statement-concerning-amnesty-international-report-that-falsely-accuses-israel-of-apartheid\/\" title=\"Statement concerning Amnesty International report that falsely accuses Israel of apartheid\">Statement concerning Amnesty International report that falsely accuses Israel of apartheid<\/a><\/h3><\/header><div class=\"eael-entry-content\">\n                                <div class=\"eael-grid-post-excerpt\"><p>28\/2\/2022 We, the undersigned representatives of our NGOs, express our deep concern at the false allegations of apartheid against Israel spread by several NGOs. The last to join this front...<\/p><\/div>\n                            <\/div><\/div><\/div>\n    <\/div>\n<\/article><article class=\"eael-grid-post  eael-post-grid-column eael-pg-post-901 category-uncategorized tags-apartheid-boikotti-ihmisoikeudet-israel-israel-apartheid-kansalaisjarjestot-lahi-ita\" data-id=\"901\">\n    <div class=\"eael-grid-post-holder\">\n        <div class=\"eael-grid-post-holder-inner\"><div class=\"eael-entry-wrapper\"><header class=\"eael-entry-header\"><h3 class=\"eael-entry-title\"><a class=\"eael-grid-post-link\" href=\"https:\/\/www.yaps.fi\/en\/suomalaisten-kansalaisjarjestojen-julkilausuma-koskien-israelia-vastaan-suunnattua-valheellista-apartheid-kampanjaa\/\" title=\"SUOMALAISTEN KANSALAISJ\u00c4RJEST\u00d6JEN JULKILAUSUMA KOSKIEN ISRAELIA VASTAAN SUUNNATTUA VALHEELLISTA APARTHEID-KAMPANJAA\">SUOMALAISTEN KANSALAISJ\u00c4RJEST\u00d6JEN JULKILAUSUMA KOSKIEN ISRAELIA VASTAAN SUUNNATTUA VALHEELLISTA APARTHEID-KAMPANJAA<\/a><\/h3><\/header><div class=\"eael-entry-content\">\n                                <div class=\"eael-grid-post-excerpt\"><p>28.2.2022 Me allekirjoittaneet kansalaisj\u00e4rjest\u00f6jemme edustajat ilmaisemme syv\u00e4n huolemme useiden kansalaisj\u00e4rjest\u00f6jen levitt\u00e4mist\u00e4 valheellisista apartheid-syyt\u00f6ksist\u00e4 Israelia kohtaan. Viimeiseksi t\u00e4h\u00e4n rintamaan liittyi Amnesty International, joka julkaisi aiheesta raportin helmikuun alussa. Amnestyn raportti \u2013...<\/p><\/div>\n                            <\/div><\/div><\/div>\n    <\/div>\n<\/article><article class=\"eael-grid-post  eael-post-grid-column eael-pg-post-889 category-uncategorized tags-amnesty-international-apartheid-israel\" data-id=\"889\">\n    <div class=\"eael-grid-post-holder\">\n        <div class=\"eael-grid-post-holder-inner\"><div class=\"eael-entry-wrapper\"><header class=\"eael-entry-header\"><h3 class=\"eael-entry-title\"><a class=\"eael-grid-post-link\" href=\"https:\/\/www.yaps.fi\/en\/israel-amnestyn-hampaissa\/\" title=\"Israel Amnestyn hampaissa\">Israel Amnestyn hampaissa<\/a><\/h3><\/header><div class=\"eael-entry-content\">\n                                <div class=\"eael-grid-post-excerpt\"><p>Amnesty International julkaisi helmikuussa 2022 raportin, jossa se syytt\u00e4\u00e4 Israelia apartheid-rikoksesta. Amnestyn raportti on kohdannut paljon kritiikki\u00e4, ja mm. Yhdysvaltain, Saksan, Englannin, Tsekin, It\u00e4vallan, Kanadan ja Australian hallinnot ovat tuominneet...<\/p><\/div>\n                            <\/div><\/div><\/div>\n    <\/div>\n<\/article><article class=\"eael-grid-post  eael-post-grid-column eael-pg-post-881 category-uncategorized tags-israel\" data-id=\"881\">\n    <div class=\"eael-grid-post-holder\">\n        <div class=\"eael-grid-post-holder-inner\"><div class=\"eael-entry-wrapper\"><header class=\"eael-entry-header\"><h3 class=\"eael-entry-title\"><a class=\"eael-grid-post-link\" href=\"https:\/\/www.yaps.fi\/en\/amnestyn-antisemitistisen-apartheid-raportin-analyysi\/\" title=\"Amnestyn apartheid-raportin analyysi\">Amnestyn apartheid-raportin analyysi<\/a><\/h3><\/header><div class=\"eael-entry-content\">\n                                <div class=\"eael-grid-post-excerpt\"><p>NGO Monitor \u2013 31.1.2022 Amnesty International julkaisi 1. helmikuuta uuden version kansalaisj\u00e4rjest\u00f6jen leikkaa-liimaa-raporttien sarjasta, jossa Israel leimataan &#8221;apartheid-valtioksi&#8221;. Julkaisu ei tuo esiin mit\u00e4\u00e4n uutta, eik\u00e4 se poikkea merkitt\u00e4v\u00e4sti Human Rights...<\/p><\/div>\n                            <\/div><\/div><\/div>\n    <\/div>\n<\/article><article class=\"eael-grid-post  eael-post-grid-column eael-pg-post-862 category-uncategorized tags-antirasismi-durban-iv-ihmisoikeudet-israel-un-antiracism-durban-process-yk\" data-id=\"862\">\n    <div class=\"eael-grid-post-holder\">\n        <div class=\"eael-grid-post-holder-inner\"><div class=\"eael-entry-media\"><div class=\"eael-entry-overlay fade-in\"><i class=\"fas fa-long-arrow-alt-right\" aria-hidden=\"true\"><\/i><a href=\"https:\/\/www.yaps.fi\/en\/suomalaiset-kansalaisjarjestot-vetoavat-suomen-ulkopoliittiseen-johtoon-suomen-jattaytymiseksi-pois-ykn-yleiskokouksen-avajaisten-yhteyteen-suunnitellusta-tapahtumasta\/\"><\/a><\/div><div class=\"eael-entry-thumbnail\">\n                            <img loading=\"lazy\" decoding=\"async\" width=\"500\" height=\"400\" src=\"https:\/\/www.yaps.fi\/wp-content\/uploads\/2022\/05\/Untitled-design-500x400.png\" class=\"attachment-bizberg_gallery size-bizberg_gallery wp-image-982\" alt=\"\" \/>\n                            <\/div>\n                    <\/div><div class=\"eael-entry-wrapper\"><header class=\"eael-entry-header\"><h3 class=\"eael-entry-title\"><a class=\"eael-grid-post-link\" href=\"https:\/\/www.yaps.fi\/en\/suomalaiset-kansalaisjarjestot-vetoavat-suomen-ulkopoliittiseen-johtoon-suomen-jattaytymiseksi-pois-ykn-yleiskokouksen-avajaisten-yhteyteen-suunnitellusta-tapahtumasta\/\" title=\"Suomalaiset kansalaisj\u00e4rjest\u00f6t vetosivat  Suomen j\u00e4tt\u00e4ytymiseksi pois YK:n Durbanin antirasistisen prosessin juhlinnasta\">Suomalaiset kansalaisj\u00e4rjest\u00f6t vetosivat  Suomen j\u00e4tt\u00e4ytymiseksi pois YK:n Durbanin antirasistisen prosessin juhlinnasta<\/a><\/h3><\/header><div class=\"eael-entry-content\">\n                                <div class=\"eael-grid-post-excerpt\"><p>YK juhli yleiskokouksen 76. istuntokauden avajaisten yhteydess\u00e4 New Yorkissa rasisminvastaisen Durban-konferenssin 20-vuotisjuhlaa 22.9.2021. Yhdeks\u00e4n suomalaista kansalaisj\u00e4rjest\u00f6\u00e4 on l\u00e4hetti yhteisen vetoomuksen Suomen ulkopoliittiselle johdolle Suomen irtisanoutumiseksi tapahtumasta. Suuri joukko maita ja...<\/p><\/div>\n                            <\/div><\/div><\/div>\n    <\/div>\n<\/article><article class=\"eael-grid-post  eael-post-grid-column eael-pg-post-788 category-uncategorized\" data-id=\"788\">\n    <div class=\"eael-grid-post-holder\">\n        <div class=\"eael-grid-post-holder-inner\"><div class=\"eael-entry-wrapper\"><header class=\"eael-entry-header\"><h3 class=\"eael-entry-title\"><a class=\"eael-grid-post-link\" href=\"https:\/\/www.yaps.fi\/en\/avoin-kirje-suomen-ulkopoliittiselle-johdolle\/\" title=\"Avoin kirje Suomen ulkopoliittiselle johdolle\">Avoin kirje Suomen ulkopoliittiselle johdolle<\/a><\/h3><\/header><div class=\"eael-entry-content\">\n                                <div class=\"eael-grid-post-excerpt\"><p>Avoin kirje Suomen ulkopoliittiselle johdolle<\/p><\/div>\n                            <\/div><\/div><\/div>\n    <\/div>\n<\/article><article class=\"eael-grid-post  eael-post-grid-column eael-pg-post-786 category-uncategorized\" data-id=\"786\">\n    <div class=\"eael-grid-post-holder\">\n        <div class=\"eael-grid-post-holder-inner\"><div class=\"eael-entry-wrapper\"><header class=\"eael-entry-header\"><h3 class=\"eael-entry-title\"><a class=\"eael-grid-post-link\" href=\"https:\/\/www.yaps.fi\/en\/haataako-israel-palestiinalaisia-ita-jerusalemissa\/\" title=\"Is Israel evicting Palestinians in East Jerusalem?\">Is Israel evicting Palestinians in East Jerusalem?<\/a><\/h3><\/header><div class=\"eael-entry-content\">\n                                <div class=\"eael-grid-post-excerpt\"><p>See the video in YouTube:<\/p><\/div>\n                            <\/div><\/div><\/div>\n    <\/div>\n<\/article><article class=\"eael-grid-post  eael-post-grid-column eael-pg-post-784 category-uncategorized\" data-id=\"784\">\n    <div class=\"eael-grid-post-holder\">\n        <div class=\"eael-grid-post-holder-inner\"><div class=\"eael-entry-wrapper\"><header class=\"eael-entry-header\"><h3 class=\"eael-entry-title\"><a class=\"eael-grid-post-link\" href=\"https:\/\/www.yaps.fi\/en\/ihmisoikeusjarjestojen-toiminta-lahi-idassa-polku-hukassa\/\" title=\"Ihmisoikeusj\u00e4rjest\u00f6jen toiminta L\u00e4hi-id\u00e4ss\u00e4 &#8211; polku hukassa?\">Human Rights Activism in the Middle East - Path Lost?<\/a><\/h3><\/header><div class=\"eael-entry-content\">\n                                <div class=\"eael-grid-post-excerpt\"><p>See the video in YouTube:<\/p><\/div>\n                            <\/div><\/div><\/div>\n    <\/div>\n<\/article><article class=\"eael-grid-post  eael-post-grid-column eael-pg-post-782 category-uncategorized\" data-id=\"782\">\n    <div class=\"eael-grid-post-holder\">\n        <div class=\"eael-grid-post-holder-inner\"><div class=\"eael-entry-wrapper\"><header class=\"eael-entry-header\"><h3 class=\"eael-entry-title\"><a class=\"eael-grid-post-link\" href=\"https:\/\/www.yaps.fi\/en\/onko-human-rights-watchin-apartheid-raportti-israelista-rehellinen\/\" title=\"Onko Human Rights Watchin apartheid-raportti Israelista rehellinen\">Onko Human Rights Watchin apartheid-raportti Israelista rehellinen<\/a><\/h3><\/header><div class=\"eael-entry-content\">\n                                <div class=\"eael-grid-post-excerpt\"><p>See the video in YouTube:<\/p><\/div>\n                            <\/div><\/div><\/div>\n    <\/div>\n<\/article><article class=\"eael-grid-post  eael-post-grid-column eael-pg-post-780 category-uncategorized tags-gaza-gaza-border-zone-human-rights-ihmisoikeudet-israel-apartheid-israeli-settlements-palestinians\" data-id=\"780\">\n    <div class=\"eael-grid-post-holder\">\n        <div class=\"eael-grid-post-holder-inner\"><div class=\"eael-entry-media\"><div class=\"eael-entry-overlay fade-in\"><i class=\"fas fa-long-arrow-alt-right\" aria-hidden=\"true\"><\/i><a href=\"https:\/\/www.yaps.fi\/en\/elamaa-gazan-rajalla\/\"><\/a><\/div><div class=\"eael-entry-thumbnail\">\n                            <img loading=\"lazy\" decoding=\"async\" width=\"500\" height=\"361\" src=\"https:\/\/www.yaps.fi\/wp-content\/uploads\/2022\/05\/Na\u0308ytto\u0308kuva-2022-5-26-kello-17.11.32-1-500x361.png\" class=\"attachment-bizberg_gallery size-bizberg_gallery wp-image-973\" alt=\"\" \/>\n                            <\/div>\n                    <\/div><div class=\"eael-entry-wrapper\"><header class=\"eael-entry-header\"><h3 class=\"eael-entry-title\"><a class=\"eael-grid-post-link\" href=\"https:\/\/www.yaps.fi\/en\/elamaa-gazan-rajalla\/\" title=\"El\u00e4m\u00e4\u00e4 Gazan rajalla &#8211; Living at the border of the Gaza Strip\">El\u00e4m\u00e4\u00e4 Gazan rajalla &#8211; Living at the border of the Gaza Strip<\/a><\/h3><\/header><div class=\"eael-entry-content\">\n                                <div class=\"eael-grid-post-excerpt\"><p>See the video in YouTube:<\/p><\/div>\n                            <\/div><\/div><\/div>\n    <\/div>\n<\/article><article class=\"eael-grid-post  eael-post-grid-column eael-pg-post-778 category-uncategorized\" data-id=\"778\">\n    <div class=\"eael-grid-post-holder\">\n        <div class=\"eael-grid-post-holder-inner\"><div class=\"eael-entry-wrapper\"><header class=\"eael-entry-header\"><h3 class=\"eael-entry-title\"><a class=\"eael-grid-post-link\" href=\"https:\/\/www.yaps.fi\/en\/mika-yaps-on\/\" title=\"Mik\u00e4 YAPS on?\">Mik\u00e4 YAPS on?<\/a><\/h3><\/header><div class=\"eael-entry-content\">\n                                <div class=\"eael-grid-post-excerpt\"><p>See the video in YouTube:<\/p><\/div>\n                            <\/div><\/div><\/div>\n    <\/div>\n<\/article><\/div>\n            <div class=\"clearfix\"><\/div>\n        <\/div>\t\t\t\t<\/div>\n\t\t\t\t<\/div>\n\t\t\t\t\t<\/div>\n\t\t<\/div>\n\t\t\t\t\t<\/div>\n\t\t<\/section>\n\t\t\t\t<\/div>","protected":false},"excerpt":{"rendered":"<p>Artikkelit Avoin kirje Suomen ulkopoliittiselle johdolle Avoin kirje Suomen ulkopoliittiselle johdolle 24 hein\u00e4kuun, 2021 H\u00e4\u00e4t\u00e4\u00e4k\u00f6 Israel palestiinalaisia It\u00e4-Jerusalemissa? Katso video YouTubessa: 24 hein\u00e4kuun, 2021 Ihmisoikeusj\u00e4rjest\u00f6jen toiminta L\u00e4hi-id\u00e4ss\u00e4 &#8211; polku hukassa? Katso video YouTubessa: 24 hein\u00e4kuun, 2021 Onko Human Rights Watchin apartheid-raportti Israelista rehellinen Katso video YouTubessa: 24 hein\u00e4kuun, 2021 El\u00e4m\u00e4\u00e4 Gazan rajalla Katso video YouTubessa: 24 hein\u00e4kuun, 2021 Mik\u00e4 YAPS&#8230;<\/p>","protected":false},"author":3,"featured_media":0,"parent":0,"menu_order":0,"comment_status":"closed","ping_status":"closed","template":"elementor_header_footer","meta":{"footnotes":""},"class_list":["post-708","page","type-page","status-publish","hentry"],"_links":{"self":[{"href":"https:\/\/www.yaps.fi\/en\/wp-json\/wp\/v2\/pages\/708","targetHints":{"allow":["GET"]}}],"collection":[{"href":"https:\/\/www.yaps.fi\/en\/wp-json\/wp\/v2\/pages"}],"about":[{"href":"https:\/\/www.yaps.fi\/en\/wp-json\/wp\/v2\/types\/page"}],"author":[{"embeddable":true,"href":"https:\/\/www.yaps.fi\/en\/wp-json\/wp\/v2\/users\/3"}],"replies":[{"embeddable":true,"href":"https:\/\/www.yaps.fi\/en\/wp-json\/wp\/v2\/comments?post=708"}],"version-history":[{"count":14,"href":"https:\/\/www.yaps.fi\/en\/wp-json\/wp\/v2\/pages\/708\/revisions"}],"predecessor-version":[{"id":861,"href":"https:\/\/www.yaps.fi\/en\/wp-json\/wp\/v2\/pages\/708\/revisions\/861"}],"wp:attachment":[{"href":"https:\/\/www.yaps.fi\/en\/wp-json\/wp\/v2\/media?parent=708"}],"curies":[{"name":"wp","href":"https:\/\/api.w.org\/{rel}","templated":true}]}}